{"id":4334,"date":"2023-09-27T19:02:22","date_gmt":"2023-09-27T19:02:22","guid":{"rendered":"https:\/\/cwhite.um.edu.mx\/?page_id=4334"},"modified":"2023-09-28T19:41:39","modified_gmt":"2023-09-28T19:41:39","slug":"vii-conferencia-biblica-adoracion-2","status":"publish","type":"page","link":"https:\/\/cwhite.um.edu.mx\/?page_id=4334","title":{"rendered":"VII Conferencia B\u00edblica Adoraci\u00f3n"},"content":{"rendered":"\n<figure class=\"wp-block-embed is-type-video is-provider-youtube wp-block-embed-youtube wp-embed-aspect-16-9 wp-has-aspect-ratio\"><div class=\"wp-block-embed__wrapper\">\n<div class='embed-container'><iframe loading=\"lazy\" title=\"VII Conferencia B\u00edblica dia 1\" width=\"1920\" height=\"1080\" src=\"https:\/\/www.youtube.com\/embed\/zWnuhSj41bE?start=207&#038;feature=oembed\" frameborder=\"0\" allow=\"accelerometer; autoplay; clipboard-write; encrypted-media; gyroscope; picture-in-picture; web-share\" allowfullscreen><\/iframe><\/div>\n<\/div><\/figure>\n\n\n\n<figure class=\"wp-block-embed is-type-video is-provider-youtube wp-block-embed-youtube wp-embed-aspect-16-9 wp-has-aspect-ratio\"><div class=\"wp-block-embed__wrapper\">\n<div class='embed-container'><iframe loading=\"lazy\" title=\"VII Conferencia B\u00edblica d\u00eda 2\" width=\"1920\" height=\"1080\" src=\"https:\/\/www.youtube.com\/embed\/FvceE2IRUms?start=5370&#038;feature=oembed\" frameborder=\"0\" allow=\"accelerometer; autoplay; clipboard-write; encrypted-media; gyroscope; picture-in-picture; web-share\" allowfullscreen><\/iframe><\/div>\n<\/div><\/figure>\n\n\n\n<figure class=\"wp-block-embed is-type-video is-provider-youtube wp-block-embed-youtube wp-embed-aspect-16-9 wp-has-aspect-ratio\"><div class=\"wp-block-embed__wrapper\">\n<div class='embed-container'><iframe loading=\"lazy\" title=\"VII Conferencia B\u00edblica d\u00eda 3\" width=\"1920\" height=\"1080\" src=\"https:\/\/www.youtube.com\/embed\/aNXlpOEjGyA?start=1678&#038;feature=oembed\" frameborder=\"0\" allow=\"accelerometer; autoplay; clipboard-write; encrypted-media; gyroscope; picture-in-picture; web-share\" allowfullscreen><\/iframe><\/div>\n<\/div><\/figure>\n\n\n\n<figure class=\"wp-block-embed is-type-video is-provider-youtube wp-block-embed-youtube wp-embed-aspect-16-9 wp-has-aspect-ratio\"><div class=\"wp-block-embed__wrapper\">\n<div class='embed-container'><iframe loading=\"lazy\" title=\"VII Conferencia B\u00edblica S\u00e1bado AM\" width=\"1920\" height=\"1080\" src=\"https:\/\/www.youtube.com\/embed\/TvpR_iPusIs?start=242&#038;feature=oembed\" frameborder=\"0\" allow=\"accelerometer; autoplay; clipboard-write; encrypted-media; gyroscope; picture-in-picture; web-share\" allowfullscreen><\/iframe><\/div>\n<\/div><\/figure>\n\n\n\n<figure class=\"wp-block-embed is-type-video is-provider-youtube wp-block-embed-youtube wp-embed-aspect-16-9 wp-has-aspect-ratio\"><div class=\"wp-block-embed__wrapper\">\n<div class='embed-container'><iframe loading=\"lazy\" title=\"VII Conferencia B\u00edblica S\u00e1bado PM\" width=\"1920\" height=\"1080\" src=\"https:\/\/www.youtube.com\/embed\/QoYOlEh7uK0?start=877&#038;feature=oembed\" frameborder=\"0\" allow=\"accelerometer; autoplay; clipboard-write; encrypted-media; gyroscope; picture-in-picture; web-share\" allowfullscreen><\/iframe><\/div>\n<\/div><\/figure>\n\n\n\n<figure class=\"wp-block-embed is-type-video is-provider-youtube wp-block-embed-youtube wp-embed-aspect-16-9 wp-has-aspect-ratio\"><div class=\"wp-block-embed__wrapper\">\n<div class='embed-container'><iframe loading=\"lazy\" title=\"&quot;Worship in Revelation&quot; - Dr. Ranko Stefanovic - versi\u00f3n en ingl\u00e9s\" width=\"1920\" height=\"1080\" src=\"https:\/\/www.youtube.com\/embed\/V7evn9U-zdg?start=27&#038;feature=oembed\" frameborder=\"0\" allow=\"accelerometer; autoplay; clipboard-write; encrypted-media; gyroscope; picture-in-picture; web-share\" allowfullscreen><\/iframe><\/div>\n<\/div><\/figure>\n\n\n\n<figure class=\"wp-block-embed is-type-video is-provider-youtube wp-block-embed-youtube wp-embed-aspect-16-9 wp-has-aspect-ratio\"><div class=\"wp-block-embed__wrapper\">\n<div class='embed-container'><iframe loading=\"lazy\" title=\"&quot;La m\u00fasica en la adoraci\u00f3n, \u00bfrealmente importa?&quot; - Dr. Wolfgang Stefani - versi\u00f3n en ingl\u00e9s\" width=\"1920\" height=\"1080\" src=\"https:\/\/www.youtube.com\/embed\/jCFEo3mwrSk?start=26&#038;feature=oembed\" frameborder=\"0\" allow=\"accelerometer; autoplay; clipboard-write; encrypted-media; gyroscope; picture-in-picture; web-share\" allowfullscreen><\/iframe><\/div>\n<\/div><\/figure>\n\n\n\n<figure class=\"wp-block-embed is-type-video is-provider-youtube wp-block-embed-youtube wp-embed-aspect-16-9 wp-has-aspect-ratio\"><div class=\"wp-block-embed__wrapper\">\n<div class='embed-container'><iframe loading=\"lazy\" title=\"Mensaje del Pr. Ted Wilson - versi\u00f3n en ingl\u00e9s\" width=\"1920\" height=\"1080\" src=\"https:\/\/www.youtube.com\/embed\/6B9hs0v-Gjw?start=31&#038;feature=oembed\" frameborder=\"0\" allow=\"accelerometer; autoplay; clipboard-write; encrypted-media; gyroscope; picture-in-picture; web-share\" allowfullscreen><\/iframe><\/div>\n<\/div><\/figure>\n\n\n\n<figure class=\"wp-block-embed is-type-video is-provider-youtube wp-block-embed-youtube wp-embed-aspect-16-9 wp-has-aspect-ratio\"><div class=\"wp-block-embed__wrapper\">\n<div class='embed-container'><iframe loading=\"lazy\" title=\"&quot;Notas finales: la m\u00fasica en el tiempo del fin&quot; - Dr. Wolfgang Stefani - versi\u00f3n en espa\u00f1ol\" width=\"1920\" height=\"1080\" src=\"https:\/\/www.youtube.com\/embed\/g5HuYfv0NLk?feature=oembed\" frameborder=\"0\" allow=\"accelerometer; autoplay; clipboard-write; encrypted-media; gyroscope; picture-in-picture; web-share\" allowfullscreen><\/iframe><\/div>\n<\/div><\/figure>\n\n\n\n<figure class=\"wp-block-embed is-type-video is-provider-youtube wp-block-embed-youtube wp-embed-aspect-16-9 wp-has-aspect-ratio\"><div class=\"wp-block-embed__wrapper\">\n<div class='embed-container'><iframe loading=\"lazy\" title=\"\u00a1Oh, que m\u00fasica divina! - Dr. Carlos Steger\" width=\"1920\" height=\"1080\" src=\"https:\/\/www.youtube.com\/embed\/Bg2KtQTBpvk?feature=oembed\" frameborder=\"0\" allow=\"accelerometer; autoplay; clipboard-write; encrypted-media; gyroscope; picture-in-picture; web-share\" allowfullscreen><\/iframe><\/div>\n<\/div><\/figure>\n\n\n\n<figure class=\"wp-block-embed is-type-video is-provider-youtube wp-block-embed-youtube wp-embed-aspect-16-9 wp-has-aspect-ratio\"><div class=\"wp-block-embed__wrapper\">\n<div class='embed-container'><iframe loading=\"lazy\" title=\"Mensaje del Pr. Ted Wilson - versi\u00f3n en espa\u00f1ol\" width=\"1920\" height=\"1080\" src=\"https:\/\/www.youtube.com\/embed\/cTBXfaG0IRo?feature=oembed\" frameborder=\"0\" allow=\"accelerometer; autoplay; clipboard-write; encrypted-media; gyroscope; picture-in-picture; web-share\" allowfullscreen><\/iframe><\/div>\n<\/div><\/figure>\n\n\n\n<figure class=\"wp-block-embed is-type-video is-provider-youtube wp-block-embed-youtube wp-embed-aspect-16-9 wp-has-aspect-ratio\"><div class=\"wp-block-embed__wrapper\">\n<div class='embed-container'><iframe loading=\"lazy\" title=\"&quot;El significado teol\u00f3gico y lit\u00fargico de la adoraci\u00f3n en la narrativa b\u00edblica&quot; - Dr. Daniel Plenc\" width=\"1920\" height=\"1080\" src=\"https:\/\/www.youtube.com\/embed\/8pXEvix7GCo?start=11&#038;feature=oembed\" frameborder=\"0\" allow=\"accelerometer; autoplay; clipboard-write; encrypted-media; gyroscope; picture-in-picture; web-share\" allowfullscreen><\/iframe><\/div>\n<\/div><\/figure>\n\n\n\n<figure class=\"wp-block-embed is-type-video is-provider-youtube wp-block-embed-youtube wp-embed-aspect-16-9 wp-has-aspect-ratio\"><div class=\"wp-block-embed__wrapper\">\n<div class='embed-container'><iframe loading=\"lazy\" title=\"&quot;Hacia un teolog\u00eda adventista de la adoraci\u00f3n&quot; - Dr. Daniel Oscar Plenc\" width=\"1920\" height=\"1080\" src=\"https:\/\/www.youtube.com\/embed\/ZYcj4d8LwVI?start=33&#038;feature=oembed\" frameborder=\"0\" allow=\"accelerometer; autoplay; clipboard-write; encrypted-media; gyroscope; picture-in-picture; web-share\" allowfullscreen><\/iframe><\/div>\n<\/div><\/figure>\n\n\n\n<figure class=\"wp-block-embed is-type-video is-provider-youtube wp-block-embed-youtube wp-embed-aspect-16-9 wp-has-aspect-ratio\"><div class=\"wp-block-embed__wrapper\">\n<div class='embed-container'><iframe loading=\"lazy\" title=\"&quot;La adoraci\u00f3n en Apocalipsis&quot; - Dr. Ranko Steranovic - versi\u00f3n en espa\u00f1ol\" width=\"1920\" height=\"1080\" src=\"https:\/\/www.youtube.com\/embed\/QruF8l0AjvA?start=11&#038;feature=oembed\" frameborder=\"0\" allow=\"accelerometer; autoplay; clipboard-write; encrypted-media; gyroscope; picture-in-picture; web-share\" allowfullscreen><\/iframe><\/div>\n<\/div><\/figure>\n\n\n\n<figure class=\"wp-block-embed is-type-video is-provider-youtube wp-block-embed-youtube wp-embed-aspect-16-9 wp-has-aspect-ratio\"><div class=\"wp-block-embed__wrapper\">\n<div class='embed-container'><iframe loading=\"lazy\" title=\"&quot;De espectadores a adoradores&quot; - Mtro. Oscar Castillo\" width=\"1920\" height=\"1080\" src=\"https:\/\/www.youtube.com\/embed\/yMw4urF96Jg?start=16&#038;feature=oembed\" frameborder=\"0\" allow=\"accelerometer; autoplay; clipboard-write; encrypted-media; gyroscope; picture-in-picture; web-share\" allowfullscreen><\/iframe><\/div>\n<\/div><\/figure>\n\n\n\n<figure class=\"wp-block-embed is-type-video is-provider-youtube wp-block-embed-youtube wp-embed-aspect-16-9 wp-has-aspect-ratio\"><div class=\"wp-block-embed__wrapper\">\n<div class='embed-container'><iframe loading=\"lazy\" title=\"&quot;Elementos del culto adventista: su sentido teol\u00f3gico&quot; - \u00c1ngel Manuel Rodr\u00edguez\" width=\"1920\" height=\"1080\" src=\"https:\/\/www.youtube.com\/embed\/RNcuAIsNHHQ?start=296&#038;feature=oembed\" frameborder=\"0\" allow=\"accelerometer; autoplay; clipboard-write; encrypted-media; gyroscope; picture-in-picture; web-share\" allowfullscreen><\/iframe><\/div>\n<\/div><\/figure>\n\n\n\n<figure class=\"wp-block-embed is-type-video is-provider-youtube wp-block-embed-youtube wp-embed-aspect-16-9 wp-has-aspect-ratio\"><div class=\"wp-block-embed__wrapper\">\n<div class='embed-container'><iframe loading=\"lazy\" title=\"&quot;La m\u00fasica en la adoraci\u00f3n, \u00bfrealmente importa?&quot; - Dr. Wolfgang Stefani - versi\u00f3n en espa\u00f1ol\" width=\"1920\" height=\"1080\" src=\"https:\/\/www.youtube.com\/embed\/m_dQTV4Fqx8?start=12&#038;feature=oembed\" frameborder=\"0\" allow=\"accelerometer; autoplay; clipboard-write; encrypted-media; gyroscope; picture-in-picture; web-share\" allowfullscreen><\/iframe><\/div>\n<\/div><\/figure>\n\n\n\n<figure class=\"wp-block-embed is-type-video is-provider-youtube wp-block-embed-youtube wp-embed-aspect-16-9 wp-has-aspect-ratio\"><div class=\"wp-block-embed__wrapper\">\n<div class='embed-container'><iframe loading=\"lazy\" title=\"&quot;Notas Finales: la m\u00fasica en el tiempo del fin&quot; - Dr. Wolfgang Stefani - versi\u00f3n en ingl\u00e9s\" width=\"1920\" height=\"1080\" src=\"https:\/\/www.youtube.com\/embed\/mbDwwzlVyl8?start=27&#038;feature=oembed\" frameborder=\"0\" allow=\"accelerometer; autoplay; clipboard-write; encrypted-media; gyroscope; picture-in-picture; web-share\" allowfullscreen><\/iframe><\/div>\n<\/div><\/figure>\n\n\n\n<figure class=\"wp-block-embed is-type-video is-provider-youtube wp-block-embed-youtube wp-embed-aspect-16-9 wp-has-aspect-ratio\"><div class=\"wp-block-embed__wrapper\">\n<div class='embed-container'><iframe loading=\"lazy\" title=\"&quot;La b\u00fasqueda divina de adoradores&quot; - Pavel Semanivsky\" width=\"1920\" height=\"1080\" src=\"https:\/\/www.youtube.com\/embed\/l8uxnLKx_8Y?start=7&#038;feature=oembed\" frameborder=\"0\" allow=\"accelerometer; autoplay; clipboard-write; encrypted-media; gyroscope; picture-in-picture; web-share\" allowfullscreen><\/iframe><\/div>\n<\/div><\/figure>\n ","protected":false},"excerpt":{"rendered":"","protected":false},"author":1,"featured_media":0,"parent":0,"menu_order":0,"comment_status":"closed","ping_status":"closed","template":"","meta":[],"_links":{"self":[{"href":"https:\/\/cwhite.um.edu.mx\/index.php?rest_route=\/wp\/v2\/pages\/4334"}],"collection":[{"href":"https:\/\/cwhite.um.edu.mx\/index.php?rest_route=\/wp\/v2\/pages"}],"about":[{"href":"https:\/\/cwhite.um.edu.mx\/index.php?rest_route=\/wp\/v2\/types\/page"}],"author":[{"embeddable":true,"href":"https:\/\/cwhite.um.edu.mx\/index.php?rest_route=\/wp\/v2\/users\/1"}],"replies":[{"embeddable":true,"href":"https:\/\/cwhite.um.edu.mx\/index.php?rest_route=%2Fwp%2Fv2%2Fcomments&post=4334"}],"version-history":[{"count":2,"href":"https:\/\/cwhite.um.edu.mx\/index.php?rest_route=\/wp\/v2\/pages\/4334\/revisions"}],"predecessor-version":[{"id":4371,"href":"https:\/\/cwhite.um.edu.mx\/index.php?rest_route=\/wp\/v2\/pages\/4334\/revisions\/4371"}],"wp:attachment":[{"href":"https:\/\/cwhite.um.edu.mx\/index.php?rest_route=%2Fwp%2Fv2%2Fmedia&parent=4334"}],"curies":[{"name":"wp","href":"https:\/\/api.w.org\/{rel}","templated":true}]}}