{"id":4327,"date":"2023-09-27T17:52:44","date_gmt":"2023-09-27T17:52:44","guid":{"rendered":"https:\/\/cwhite.um.edu.mx\/?page_id=4327"},"modified":"2024-05-22T17:41:44","modified_gmt":"2024-05-22T17:41:44","slug":"viii-conferencia-biblica-identidad-adventista-2","status":"publish","type":"page","link":"https:\/\/cwhite.um.edu.mx\/?page_id=4327","title":{"rendered":"VIII Conferencia b\u00edblica Identidad Adventista"},"content":{"rendered":"\n<h2 class=\"has-text-align-center has-white-color has-vivid-cyan-blue-background-color has-text-color has-background has-large-font-size\">VIII Conferencia B\u00edblica &#8220;Identidad Adventista&#8221;<\/h2>\n\n\n\n<figure class=\"wp-block-embed is-type-video is-provider-youtube wp-block-embed-youtube wp-embed-aspect-16-9 wp-has-aspect-ratio\"><div class=\"wp-block-embed__wrapper\">\n<div class='embed-container'><iframe loading=\"lazy\" title=\"Identidad Adventista: &quot;El cristianismo en el contexto del Juda\u00edsmo&quot; Dr. F\u00e9lix Cortez\" width=\"1920\" height=\"1080\" src=\"https:\/\/www.youtube.com\/embed\/vrPWBeUdk5M?feature=oembed\" frameborder=\"0\" allow=\"accelerometer; autoplay; clipboard-write; encrypted-media; gyroscope; picture-in-picture; web-share\" referrerpolicy=\"strict-origin-when-cross-origin\" allowfullscreen><\/iframe><\/div>\n<\/div><\/figure>\n\n\n\n<figure class=\"wp-block-embed is-type-video is-provider-youtube wp-block-embed-youtube wp-embed-aspect-16-9 wp-has-aspect-ratio\"><div class=\"wp-block-embed__wrapper\">\n<div class='embed-container'><iframe loading=\"lazy\" title=\"Identidad Adventista: &quot;Principios de la educaci\u00f3n adventista&quot;  Dra. Raquel Korniejczuk\" width=\"1920\" height=\"1080\" src=\"https:\/\/www.youtube.com\/embed\/VHzIxqtcZvo?feature=oembed\" frameborder=\"0\" allow=\"accelerometer; autoplay; clipboard-write; encrypted-media; gyroscope; picture-in-picture; web-share\" referrerpolicy=\"strict-origin-when-cross-origin\" allowfullscreen><\/iframe><\/div>\n<\/div><\/figure>\n\n\n\n<figure class=\"wp-block-embed is-type-video is-provider-youtube wp-block-embed-youtube wp-embed-aspect-16-9 wp-has-aspect-ratio\"><div class=\"wp-block-embed__wrapper\">\n<div class='embed-container'><iframe loading=\"lazy\" title=\"Identidad Adventista: &quot;Recuerda quien eres&quot; Ptr. Abner de los Santos\" width=\"1920\" height=\"1080\" src=\"https:\/\/www.youtube.com\/embed\/XMIV_AXYkMc?feature=oembed\" frameborder=\"0\" allow=\"accelerometer; autoplay; clipboard-write; encrypted-media; gyroscope; picture-in-picture; web-share\" referrerpolicy=\"strict-origin-when-cross-origin\" allowfullscreen><\/iframe><\/div>\n<\/div><\/figure>\n\n\n\n<figure class=\"wp-block-embed is-type-video is-provider-youtube wp-block-embed-youtube wp-embed-aspect-16-9 wp-has-aspect-ratio\"><div class=\"wp-block-embed__wrapper\">\n<div class='embed-container'><iframe loading=\"lazy\" title=\"Identidad Adventista: &quot;Identidad en la era del yo fragmentado&quot; Dr. Elias Brasil\" width=\"1920\" height=\"1080\" src=\"https:\/\/www.youtube.com\/embed\/eJxiKFa4YBY?feature=oembed\" frameborder=\"0\" allow=\"accelerometer; autoplay; clipboard-write; encrypted-media; gyroscope; picture-in-picture; web-share\" referrerpolicy=\"strict-origin-when-cross-origin\" allowfullscreen><\/iframe><\/div>\n<\/div><\/figure>\n\n\n\n<figure class=\"wp-block-embed is-type-video is-provider-youtube wp-block-embed-youtube wp-embed-aspect-16-9 wp-has-aspect-ratio\"><div class=\"wp-block-embed__wrapper\">\n<div class='embed-container'><iframe loading=\"lazy\" title=\"Identidad Adventista: &quot;De reforma a renovaci\u00f3n&quot; Dr. Abner Hern\u00e1ndez\" width=\"1920\" height=\"1080\" src=\"https:\/\/www.youtube.com\/embed\/FFq93pWYiLE?feature=oembed\" frameborder=\"0\" allow=\"accelerometer; autoplay; clipboard-write; encrypted-media; gyroscope; picture-in-picture; web-share\" referrerpolicy=\"strict-origin-when-cross-origin\" allowfullscreen><\/iframe><\/div>\n<\/div><\/figure>\n\n\n\n<figure class=\"wp-block-embed is-type-video is-provider-youtube wp-block-embed-youtube wp-embed-aspect-16-9 wp-has-aspect-ratio\"><div class=\"wp-block-embed__wrapper\">\n<div class='embed-container'><iframe loading=\"lazy\" title=\"Identidad Adventista: &quot;El concepto de cosmovisi\u00f3n y su relevancia&quot; Dr. Jude Lake\" width=\"1920\" height=\"1080\" src=\"https:\/\/www.youtube.com\/embed\/rVfCWoZn2zY?feature=oembed\" frameborder=\"0\" allow=\"accelerometer; autoplay; clipboard-write; encrypted-media; gyroscope; picture-in-picture; web-share\" referrerpolicy=\"strict-origin-when-cross-origin\" allowfullscreen><\/iframe><\/div>\n<\/div><\/figure>\n\n\n\n<figure class=\"wp-block-embed is-type-video is-provider-youtube wp-block-embed-youtube wp-embed-aspect-16-9 wp-has-aspect-ratio\"><div class=\"wp-block-embed__wrapper\">\n<div class='embed-container'><iframe loading=\"lazy\" title=\"Identidad Adventista: &quot;Aspectos fundamentales... algunas reflexiones teol\u00f3gicas&quot;  Dr. Frank Hasel\" width=\"1920\" height=\"1080\" src=\"https:\/\/www.youtube.com\/embed\/yAQbJM5jyNw?feature=oembed\" frameborder=\"0\" allow=\"accelerometer; autoplay; clipboard-write; encrypted-media; gyroscope; picture-in-picture; web-share\" referrerpolicy=\"strict-origin-when-cross-origin\" allowfullscreen><\/iframe><\/div>\n<\/div><\/figure>\n\n\n\n<figure class=\"wp-block-embed is-type-video is-provider-youtube wp-block-embed-youtube wp-embed-aspect-16-9 wp-has-aspect-ratio\"><div class=\"wp-block-embed__wrapper\">\n<div class='embed-container'><iframe loading=\"lazy\" title=\"Identidad Adventista: &quot;Cumple tu misi\u00f3n&quot; Ptr. Abner de los Santos\" width=\"1920\" height=\"1080\" src=\"https:\/\/www.youtube.com\/embed\/_zplIPeuwFQ?feature=oembed\" frameborder=\"0\" allow=\"accelerometer; autoplay; clipboard-write; encrypted-media; gyroscope; picture-in-picture; web-share\" referrerpolicy=\"strict-origin-when-cross-origin\" allowfullscreen><\/iframe><\/div>\n<\/div><\/figure>\n\n\n\n<figure class=\"wp-block-embed is-type-video is-provider-youtube wp-block-embed-youtube wp-embed-aspect-16-9 wp-has-aspect-ratio\"><div class=\"wp-block-embed__wrapper\">\n<div class='embed-container'><iframe loading=\"lazy\" title=\"Identidad Adventista: &quot;Perspectivas Paulinas&quot;  Dr. \u00c1ngel Guzm\u00e1n\" width=\"1920\" height=\"1080\" src=\"https:\/\/www.youtube.com\/embed\/aHTF8APL1tE?feature=oembed\" frameborder=\"0\" allow=\"accelerometer; autoplay; clipboard-write; encrypted-media; gyroscope; picture-in-picture; web-share\" referrerpolicy=\"strict-origin-when-cross-origin\" allowfullscreen><\/iframe><\/div>\n<\/div><\/figure>\n\n\n\n<figure class=\"wp-block-embed is-type-video is-provider-youtube wp-block-embed-youtube wp-embed-aspect-16-9 wp-has-aspect-ratio\"><div class=\"wp-block-embed__wrapper\">\n<div class='embed-container'><iframe loading=\"lazy\" title=\"&quot;Identidad Adventista: una perspectiva hist\u00f3rica&quot; Dr. Alberto Timm\" width=\"1920\" height=\"1080\" src=\"https:\/\/www.youtube.com\/embed\/PrLjcwDVGpU?feature=oembed\" frameborder=\"0\" allow=\"accelerometer; autoplay; clipboard-write; encrypted-media; gyroscope; picture-in-picture; web-share\" referrerpolicy=\"strict-origin-when-cross-origin\" allowfullscreen><\/iframe><\/div>\n<\/div><\/figure>\n\n\n\n<figure class=\"wp-block-embed is-type-video is-provider-youtube wp-block-embed-youtube wp-embed-aspect-16-9 wp-has-aspect-ratio\"><div class=\"wp-block-embed__wrapper\">\n<div class='embed-container'><iframe loading=\"lazy\" title=\"Identidad Adventista: &quot;Vida hol\u00edstica&quot; Dr. Theodore Levterov\" width=\"1920\" height=\"1080\" src=\"https:\/\/www.youtube.com\/embed\/TxIgIt0oPOE?feature=oembed\" frameborder=\"0\" allow=\"accelerometer; autoplay; clipboard-write; encrypted-media; gyroscope; picture-in-picture; web-share\" referrerpolicy=\"strict-origin-when-cross-origin\" allowfullscreen><\/iframe><\/div>\n<\/div><\/figure>\n\n\n\n<figure class=\"wp-block-embed is-type-video is-provider-youtube wp-block-embed-youtube wp-embed-aspect-16-9 wp-has-aspect-ratio\"><div class=\"wp-block-embed__wrapper\">\n<div class='embed-container'><iframe loading=\"lazy\" title=\"Identidad Adventista: &quot;\u00bfQui\u00e9nes somos? Entendimiento actual de la...&quot; Jiri Moskala\" width=\"1920\" height=\"1080\" src=\"https:\/\/www.youtube.com\/embed\/9Uf1RFKSo9E?feature=oembed\" frameborder=\"0\" allow=\"accelerometer; autoplay; clipboard-write; encrypted-media; gyroscope; picture-in-picture; web-share\" referrerpolicy=\"strict-origin-when-cross-origin\" allowfullscreen><\/iframe><\/div>\n<\/div><\/figure>\n\n\n\n<figure class=\"wp-block-embed is-type-video is-provider-youtube wp-block-embed-youtube wp-embed-aspect-16-9 wp-has-aspect-ratio\"><div class=\"wp-block-embed__wrapper\">\n<div class='embed-container'><iframe loading=\"lazy\" title=\"Identidad Adventista  \u201cBases b\u00edblicas... la perspectiva del Nuevo Testamento&quot; Dr. Clinton Whalen\" width=\"1920\" height=\"1080\" src=\"https:\/\/www.youtube.com\/embed\/F_fdNCo5hPs?feature=oembed\" frameborder=\"0\" allow=\"accelerometer; autoplay; clipboard-write; encrypted-media; gyroscope; picture-in-picture; web-share\" referrerpolicy=\"strict-origin-when-cross-origin\" allowfullscreen><\/iframe><\/div>\n<\/div><\/figure>\n\n\n\n<figure class=\"wp-block-embed is-type-video is-provider-youtube wp-block-embed-youtube wp-embed-aspect-16-9 wp-has-aspect-ratio\"><div class=\"wp-block-embed__wrapper\">\n<div class='embed-container'><iframe loading=\"lazy\" title=\"Identidad Adventista: &quot;El adventismo en M\u00e9xico...  una visi\u00f3n hist\u00f3rica&quot; Dr. Juan J. Andrade\" width=\"1920\" height=\"1080\" src=\"https:\/\/www.youtube.com\/embed\/qKGmG5FfeAM?feature=oembed\" frameborder=\"0\" allow=\"accelerometer; autoplay; clipboard-write; encrypted-media; gyroscope; picture-in-picture; web-share\" referrerpolicy=\"strict-origin-when-cross-origin\" allowfullscreen><\/iframe><\/div>\n<\/div><\/figure>\n\n\n\n<figure class=\"wp-block-embed is-type-video is-provider-youtube wp-block-embed-youtube wp-embed-aspect-16-9 wp-has-aspect-ratio\"><div class=\"wp-block-embed__wrapper\">\n<div class='embed-container'><iframe loading=\"lazy\" title=\"Identidad Adventista: &quot;Nunca pierdas la visi\u00f3n&quot; Ptr. Abner de los Santos\" width=\"1920\" height=\"1080\" src=\"https:\/\/www.youtube.com\/embed\/dtmypmWh4Bc?feature=oembed\" frameborder=\"0\" allow=\"accelerometer; autoplay; clipboard-write; encrypted-media; gyroscope; picture-in-picture; web-share\" referrerpolicy=\"strict-origin-when-cross-origin\" allowfullscreen><\/iframe><\/div>\n<\/div><\/figure>\n\n\n\n<figure class=\"wp-block-embed is-type-video is-provider-youtube wp-block-embed-youtube wp-embed-aspect-16-9 wp-has-aspect-ratio\"><div class=\"wp-block-embed__wrapper\">\n<div class='embed-container'><iframe loading=\"lazy\" title=\"Identidad Adventista: &quot;El Cristo del camino angosto&quot;  Elfred Lee\" width=\"1920\" height=\"1080\" src=\"https:\/\/www.youtube.com\/embed\/sjF23gLn2Jw?feature=oembed\" frameborder=\"0\" allow=\"accelerometer; autoplay; clipboard-write; encrypted-media; gyroscope; picture-in-picture; web-share\" referrerpolicy=\"strict-origin-when-cross-origin\" allowfullscreen><\/iframe><\/div>\n<\/div><\/figure>\n\n\n\n<figure class=\"wp-block-embed is-type-video is-provider-youtube wp-block-embed-youtube wp-embed-aspect-16-9 wp-has-aspect-ratio\"><div class=\"wp-block-embed__wrapper\">\n<div class='embed-container'><iframe loading=\"lazy\" title=\"Identidad Adventista: &quot;Ser el remanente&quot;  David Trim\" width=\"1920\" height=\"1080\" src=\"https:\/\/www.youtube.com\/embed\/C_Kh-KFHq-E?feature=oembed\" frameborder=\"0\" allow=\"accelerometer; autoplay; clipboard-write; encrypted-media; gyroscope; picture-in-picture; web-share\" referrerpolicy=\"strict-origin-when-cross-origin\" allowfullscreen><\/iframe><\/div>\n<\/div><\/figure>\n ","protected":false},"excerpt":{"rendered":"<p>VIII Conferencia B\u00edblica &#8220;Identidad Adventista&#8221;<\/p>\n","protected":false},"author":1,"featured_media":0,"parent":0,"menu_order":0,"comment_status":"closed","ping_status":"closed","template":"","meta":[],"_links":{"self":[{"href":"https:\/\/cwhite.um.edu.mx\/index.php?rest_route=\/wp\/v2\/pages\/4327"}],"collection":[{"href":"https:\/\/cwhite.um.edu.mx\/index.php?rest_route=\/wp\/v2\/pages"}],"about":[{"href":"https:\/\/cwhite.um.edu.mx\/index.php?rest_route=\/wp\/v2\/types\/page"}],"author":[{"embeddable":true,"href":"https:\/\/cwhite.um.edu.mx\/index.php?rest_route=\/wp\/v2\/users\/1"}],"replies":[{"embeddable":true,"href":"https:\/\/cwhite.um.edu.mx\/index.php?rest_route=%2Fwp%2Fv2%2Fcomments&post=4327"}],"version-history":[{"count":7,"href":"https:\/\/cwhite.um.edu.mx\/index.php?rest_route=\/wp\/v2\/pages\/4327\/revisions"}],"predecessor-version":[{"id":4695,"href":"https:\/\/cwhite.um.edu.mx\/index.php?rest_route=\/wp\/v2\/pages\/4327\/revisions\/4695"}],"wp:attachment":[{"href":"https:\/\/cwhite.um.edu.mx\/index.php?rest_route=%2Fwp%2Fv2%2Fmedia&parent=4327"}],"curies":[{"name":"wp","href":"https:\/\/api.w.org\/{rel}","templated":true}]}}